{"id":23293,"date":"2024-02-20T12:26:21","date_gmt":"2024-02-20T11:26:21","guid":{"rendered":"https:\/\/jas.dk\/produkter\/unkategorisiert\/erg-o-lift-300-hoehenverstellbarer-tisch\/"},"modified":"2026-03-27T13:41:56","modified_gmt":"2026-03-27T12:41:56","slug":"erg-o-lift-300-hoehenverstellbarer-tisch","status":"publish","type":"product","link":"https:\/\/jas.dk\/de\/produkte\/tische\/erg-o-lift-300-hoehenverstellbarer-tisch\/","title":{"rendered":"Absenktisch mit Aufbau &#8211; Erg-O-Lift 300 &#8211; Modell 2"},"content":{"rendered":"<h2 data-start=\"1108\" data-end=\"1157\">Hub- und Senktisch mit Aufbau \u2013 2000 x 800 mm<\/h2>\n<p data-start=\"1158\" data-end=\"1478\">Dieser <strong data-start=\"1164\" data-end=\"1198\">Hubtisch mit Aufbau,<\/strong> basierend auf unserem Modell Erg-O-Lift 300 <strong data-start=\"1164\" data-end=\"1198\">,<\/strong> ist f\u00fcr anspruchsvolle Industrieumgebungen konzipiert, in denen Flexibilit\u00e4t, Stabilit\u00e4t und Ergonomie unerl\u00e4sslich sind. Die robuste Konstruktion, kombiniert mit <strong data-start=\"1341\" data-end=\"1369\">elektrischer H\u00f6henverstellung<\/strong> und einer <strong data-start=\"1376\" data-end=\"1406\">stabilen 50 mm starken Arbeitsfl\u00e4che<\/strong> , macht den Tisch ideal f\u00fcr Montage-, Pr\u00fcf- und Wartungsarbeiten. <\/p>\n<p data-start=\"1480\" data-end=\"1845\">Die \u00dcberkonstruktion erm\u00f6glicht die Installation von <strong data-start=\"1526\" data-end=\"1602\">Beleuchtung, Werkzeugtafeln, Regalen, Monitorarmen, Computerhalterungen und Kassensystemen<\/strong> und schafft so einen kompletten und \u00fcbersichtlichen <strong data-start=\"1645\" data-end=\"1663\">Arbeitsplatz<\/strong> . Die <strong data-start=\"1682\" data-end=\"1697\">2000 x 800 mm<\/strong> gro\u00dfe Arbeitsfl\u00e4che bietet ausreichend Platz f\u00fcr gro\u00dfe und kleine Bauteile, w\u00e4hrend das Hebesystem mit   <strong data-start=\"1772\" data-end=\"1798\">2 St\u00fcck DL2-Hebes\u00e4ulen <\/strong>  (500 slg.) sorgt f\u00fcr pr\u00e4zise und stabile Bewegungen.<\/p>\n<p data-start=\"1847\" data-end=\"2061\">Mit einem <strong data-start=\"1854\" data-end=\"1872\">Gewicht von 165 kg<\/strong> und einer <strong data-start=\"1879\" data-end=\"1907\">Tragf\u00e4higkeit von 400 kg<\/strong> bietet dieser Tisch maximale Festigkeit und Stabilit\u00e4t \u2013 perfekt als <strong data-start=\"1972\" data-end=\"1996\">h\u00f6henverstellbarer Tisch<\/strong> , <strong data-start=\"1998\" data-end=\"2013\">Arbeitstisch<\/strong> oder <strong data-start=\"2020\" data-end=\"2039\">ergonomischer Tisch<\/strong> in der modernen Produktion.<\/p>\n<h2 data-start=\"2068\" data-end=\"2102\">Funktionen und Merkmale<\/h2>\n<ul data-start=\"2103\" data-end=\"2564\">\n<li data-start=\"2103\" data-end=\"2140\">\n<p data-start=\"2105\" data-end=\"2140\"><strong data-start=\"2105\" data-end=\"2126\">Arbeitsfl\u00e4che:<\/strong> 2000 x 800 mm<\/p>\n<\/li>\n<li data-start=\"2141\" data-end=\"2192\">\n<p data-start=\"2143\" data-end=\"2192\"><strong data-start=\"2143\" data-end=\"2156\">H\u00f6he:<\/strong> 690\u20131190 mm (elektrische Verstellung)<\/p>\n<\/li>\n<li data-start=\"2193\" data-end=\"2223\">\n<p data-start=\"2195\" data-end=\"2223\"><strong data-start=\"2195\" data-end=\"2214\">Hebekraft:<\/strong> 400 kg<\/p>\n<\/li>\n<li data-start=\"2224\" data-end=\"2244\">\n<p data-start=\"2226\" data-end=\"2244\"><strong data-start=\"2226\" data-end=\"2235\">Gewicht:<\/strong> 165 kg<\/p>\n<\/li>\n<li data-start=\"2245\" data-end=\"2284\">\n<p data-start=\"2247\" data-end=\"2284\"><strong data-start=\"2247\" data-end=\"2261\">Tischplatte:<\/strong> 50 mm Aktenbank<\/p>\n<\/li>\n<li data-start=\"2285\" data-end=\"2327\">\n<p data-start=\"2287\" data-end=\"2327\"><strong data-start=\"2287\" data-end=\"2303\">Hubs\u00e4ulen:<\/strong> 2 St\u00fcck DL2 \u2013 500 slg. <\/p>\n<\/li>\n<li data-start=\"2328\" data-end=\"2427\">\n<p data-start=\"2330\" data-end=\"2427\"><strong data-start=\"2330\" data-end=\"2346\">Aufbau:<\/strong> vorbereitet f\u00fcr Beleuchtung, Werkzeugtafeln, Regale, Monitorarme, Computerhalterung und Kisten<\/p>\n<\/li>\n<li data-start=\"2428\" data-end=\"2492\">\n<p data-start=\"2430\" data-end=\"2492\"><strong data-start=\"2430\" data-end=\"2447\">Konstruktion:<\/strong> robuster Stahlrahmen mit pr\u00e4zisem Hebemechanismus<\/p>\n<\/li>\n<li data-start=\"2493\" data-end=\"2564\">\n<p data-start=\"2495\" data-end=\"2564\"><strong data-start=\"2495\" data-end=\"2510\">Individualisierung:<\/strong> Erh\u00e4ltlich in allen RAL-Farben und individuell anpassbar<\/p>\n<\/li>\n<\/ul>\n<h2 data-start=\"2571\" data-end=\"2607\">Vorteile f\u00fcr Ihr Unternehmen<\/h2>\n<ul data-start=\"2608\" data-end=\"2886\">\n<li data-start=\"2608\" data-end=\"2675\">\n<p data-start=\"2610\" data-end=\"2675\">Ergonomisch korrekte Arbeitsposition durch elektrische H\u00f6henverstellung<\/p>\n<\/li>\n<li data-start=\"2676\" data-end=\"2727\">\n<p data-start=\"2678\" data-end=\"2727\">Robuste Aktenbankplatte \u2013 ideal f\u00fcr die Montage von schweren Werkst\u00fccken<\/p>\n<\/li>\n<li data-start=\"2728\" data-end=\"2786\">\n<p data-start=\"2730\" data-end=\"2786\">Der \u00dcberbau sorgt f\u00fcr Ordnung und flexible Arbeitsorganisation<\/p>\n<\/li>\n<li data-start=\"2787\" data-end=\"2842\">\n<p data-start=\"2789\" data-end=\"2842\">Stabile und zuverl\u00e4ssige Konstruktion f\u00fcr den t\u00e4glichen Gebrauch<\/p>\n<\/li>\n<li data-start=\"2843\" data-end=\"2886\">\n<p data-start=\"2845\" data-end=\"2886\">Verbessert die Produktivit\u00e4t und das Arbeitsumfeld<\/p>\n<\/li>\n<\/ul>\n<h2 data-start=\"2893\" data-end=\"2921\">Anwendungsbereiche<\/h2>\n<ul data-start=\"2922\" data-end=\"3097\">\n<li data-start=\"2922\" data-end=\"2964\">\n<p data-start=\"2924\" data-end=\"2964\">Industrielle Montage- und Werkstattarbeiten<\/p>\n<\/li>\n<li data-start=\"2965\" data-end=\"2996\">\n<p data-start=\"2967\" data-end=\"2996\">Reparatur- und Pr\u00fcfstationen<\/p>\n<\/li>\n<li data-start=\"2997\" data-end=\"3036\">\n<p data-start=\"2999\" data-end=\"3036\">Labore und technische Abteilungen<\/p>\n<\/li>\n<li data-start=\"3037\" data-end=\"3097\">\n<p data-start=\"3039\" data-end=\"3097\">Ergonomische Arbeitspl\u00e4tze mit einem Bedarf an Flexibilit\u00e4t<\/p>\n<\/li>\n<\/ul>\n<p data-start=\"3104\" data-end=\"3387\">Mit <strong data-start=\"3125\" data-end=\"3173\">dem H\u00e4ve-Senktisch mit Aufbau (2000 x 800 mm)<\/strong> erhalten Sie einen robusten und flexiblen <strong data-start=\"3203\" data-end=\"3221\">Arbeitsplatz<\/strong> , der auf maximale Stabilit\u00e4t, Ergonomie und Funktionalit\u00e4t ausgelegt ist. Der Tisch ist eine professionelle L\u00f6sung f\u00fcr effizientes und sicheres Arbeiten in jeder Produktionslinie. <\/p>\n","protected":false},"excerpt":{"rendered":"<p>H\u00f6henverstellbarer Tisch mit Aufbau &#8211; Modell 2 Hochbelastbare elektrische Werkbank mit H\u00f6henverstellung, 50 mm starker Ablagefl\u00e4che und stabilem Aufbau zur Montage von Leuchten, Regalen, Displayarmen und Werkzeugtafeln. Gewicht 165 kg und Tragf\u00e4higkeit 400 kg. Perfekt als Arbeitsplatz und ergonomischer Tisch f\u00fcr Montage und Produktion.  <\/p>\n","protected":false},"featured_media":23296,"template":"","meta":{"_acf_changed":false,"site-sidebar-layout":"default","site-content-layout":"page-builder","ast-site-content-layout":"default","site-content-style":"default","site-sidebar-style":"default","ast-global-header-display":"","ast-banner-title-visibility":"","ast-main-header-display":"","ast-hfb-above-header-display":"","ast-hfb-below-header-display":"","ast-hfb-mobile-header-display":"","site-post-title":"disabled","ast-breadcrumbs-content":"","ast-featured-img":"disabled","footer-sml-layout":"","ast-disable-related-posts":"","theme-transparent-header-meta":"default","adv-header-id-meta":"","stick-header-meta":"default","header-above-stick-meta":"","header-main-stick-meta":"","header-below-stick-meta":"","astra-migrate-meta-layouts":"set","ast-page-background-enabled":"default","ast-page-background-meta":{"desktop":{"background-color":"","background-image":"","background-repeat":"repeat","background-position":"center center","background-size":"auto","background-attachment":"scroll","background-type":"","background-media":"","overlay-type":"","overlay-color":"","overlay-opacity":"","overlay-gradient":""},"tablet":{"background-color":"","background-image":"","background-repeat":"repeat","background-position":"center center","background-size":"auto","background-attachment":"scroll","background-type":"","background-media":"","overlay-type":"","overlay-color":"","overlay-opacity":"","overlay-gradient":""},"mobile":{"background-color":"","background-image":"","background-repeat":"repeat","background-position":"center center","background-size":"auto","background-attachment":"scroll","background-type":"","background-media":"","overlay-type":"","overlay-color":"","overlay-opacity":"","overlay-gradient":""}},"ast-content-background-meta":{"desktop":{"background-color":"var(--ast-global-color-5)","background-image":"","background-repeat":"repeat","background-position":"center center","background-size":"auto","background-attachment":"scroll","background-type":"","background-media":"","overlay-type":"","overlay-color":"","overlay-opacity":"","overlay-gradient":""},"tablet":{"background-color":"var(--ast-global-color-5)","background-image":"","background-repeat":"repeat","background-position":"center center","background-size":"auto","background-attachment":"scroll","background-type":"","background-media":"","overlay-type":"","overlay-color":"","overlay-opacity":"","overlay-gradient":""},"mobile":{"background-color":"var(--ast-global-color-5)","background-image":"","background-repeat":"repeat","background-position":"center center","background-size":"auto","background-attachment":"scroll","background-type":"","background-media":"","overlay-type":"","overlay-color":"","overlay-opacity":"","overlay-gradient":""}}},"product_brand":[],"product_cat":[1383,2495],"product_tag":[],"class_list":{"0":"post-23293","1":"product","2":"type-product","3":"status-publish","4":"has-post-thumbnail","6":"product_cat-tische","7":"product_cat-hoehenverstellbare-tische","8":"pa_storrelser-1600x800mm","9":"pa_storrelser-1800x800mm","10":"pa_storrelser-2000x800mm","11":"pa_storrelser-2500x800mm","12":"desktop-align-left","13":"tablet-align-left","14":"mobile-align-left","15":"ast-product-gallery-layout-horizontal","16":"ast-product-gallery-with-no-image","17":"ast-product-single-variable","18":"ast-product-tabs-layout-horizontal","20":"first","21":"onbackorder","22":"taxable","23":"shipping-taxable","24":"purchasable","25":"product-type-variable","26":"has-default-attributes"},"acf":[],"_links":{"self":[{"href":"https:\/\/jas.dk\/de\/wp-json\/wp\/v2\/product\/23293","targetHints":{"allow":["GET"]}}],"collection":[{"href":"https:\/\/jas.dk\/de\/wp-json\/wp\/v2\/product"}],"about":[{"href":"https:\/\/jas.dk\/de\/wp-json\/wp\/v2\/types\/product"}],"version-history":[{"count":6,"href":"https:\/\/jas.dk\/de\/wp-json\/wp\/v2\/product\/23293\/revisions"}],"predecessor-version":[{"id":39071,"href":"https:\/\/jas.dk\/de\/wp-json\/wp\/v2\/product\/23293\/revisions\/39071"}],"wp:featuredmedia":[{"embeddable":true,"href":"https:\/\/jas.dk\/de\/wp-json\/wp\/v2\/media\/23296"}],"wp:attachment":[{"href":"https:\/\/jas.dk\/de\/wp-json\/wp\/v2\/media?parent=23293"}],"wp:term":[{"taxonomy":"product_brand","embeddable":true,"href":"https:\/\/jas.dk\/de\/wp-json\/wp\/v2\/product_brand?post=23293"},{"taxonomy":"product_cat","embeddable":true,"href":"https:\/\/jas.dk\/de\/wp-json\/wp\/v2\/product_cat?post=23293"},{"taxonomy":"product_tag","embeddable":true,"href":"https:\/\/jas.dk\/de\/wp-json\/wp\/v2\/product_tag?post=23293"}],"curies":[{"name":"wp","href":"https:\/\/api.w.org\/{rel}","templated":true}]}}