{"id":24333,"date":"2024-02-20T12:12:59","date_gmt":"2024-02-20T11:12:59","guid":{"rendered":"https:\/\/jas.dk\/produkter\/unkategorisiert\/containertragwagen-mit-falttuer\/"},"modified":"2025-11-28T09:45:45","modified_gmt":"2025-11-28T08:45:45","slug":"containertragwagen-mit-falttuer","status":"publish","type":"product","link":"https:\/\/jas.dk\/de\/produkte\/transportkaefige-und-gitterwagen\/containertragwagen-mit-falttuer\/","title":{"rendered":"Gro\u00dfer Rollcontainer"},"content":{"rendered":"<h2 data-start=\"916\" data-end=\"996\"><strong data-start=\"920\" data-end=\"996\">Gro\u00dfer Rollcontainer<\/strong><\/h2>\n<p data-start=\"998\" data-end=\"1317\">Dieser <strong data-start=\"1004\" data-end=\"1027\">gro\u00dfe Rollcontainer<\/strong> ist f\u00fcr Unternehmen gedacht, die gro\u00dfe und schwere Mengen lagern und transportieren m\u00fcssen. Mit seinem zus\u00e4tzlichen Volumen und seiner soliden Konstruktion bietet der Container eine sichere und \u00fcberschaubare Lagerung &#8211; perfekt f\u00fcr Lagerh\u00e4user, Logistikzentren und Produktionsumgebungen, in denen Standardcontainer nicht ausreichen. <\/p>\n<p data-start=\"1319\" data-end=\"1491\">Als gro\u00dfer Rollcontainer oder gro\u00dfformatiger Lagerbeh\u00e4lter bietet er sowohl St\u00e4rke als auch Kapazit\u00e4t, ohne Kompromisse bei der Funktionalit\u00e4t oder Haltbarkeit einzugehen.<\/p>\n<hr data-start=\"1493\" data-end=\"1496\">\n<h2 data-start=\"1498\" data-end=\"1531\">Merkmale und Vorteile<\/h2>\n<ul data-start=\"1532\" data-end=\"1967\">\n<li data-start=\"1532\" data-end=\"1618\">\n<p data-start=\"1534\" data-end=\"1618\"><strong data-start=\"1534\" data-end=\"1552\">Gro\u00dfes Fassungsverm\u00f6gen<\/strong> &#8211; gro\u00dfes Volumen f\u00fcr die Lagerung vieler Waren oder gro\u00dfer Gegenst\u00e4nde.<\/p>\n<\/li>\n<li data-start=\"1619\" data-end=\"1717\">\n<p data-start=\"1621\" data-end=\"1717\"><strong data-start=\"1621\" data-end=\"1644\">Robuste Konstruktion<\/strong> &#8211; entwickelt, um der Belastung durch schwere Lasten und intensive Nutzung standzuhalten.<\/p>\n<\/li>\n<li data-start=\"1718\" data-end=\"1805\">\n<p data-start=\"1720\" data-end=\"1805\"><strong data-start=\"1720\" data-end=\"1749\">Offene Oberseite oder offene Vorderseite<\/strong> (je nach Modell) &#8211; f\u00fcr einfaches Be- und Entladen.<\/p>\n<\/li>\n<li data-start=\"1806\" data-end=\"1900\">\n<p data-start=\"1808\" data-end=\"1900\"><strong data-start=\"1808\" data-end=\"1849\">Kompatibel mit Transport- und Lagerabl\u00e4ufen<\/strong> &#8211; geeignet f\u00fcr einen effizienten Lasten- und Warenumschlag.<\/p>\n<\/li>\n<li data-start=\"1901\" data-end=\"1967\">\n<p data-start=\"1903\" data-end=\"1967\"><strong data-start=\"1903\" data-end=\"1921\">Strapazierf\u00e4hige Oberfl\u00e4che<\/strong> &#8211; entwickelt, um Abnutzung und t\u00e4glichem Gebrauch standzuhalten.<\/p>\n<\/li>\n<\/ul>\n<hr data-start=\"1969\" data-end=\"1972\">\n<h2 data-start=\"1974\" data-end=\"2013\">Personalisierung und Flexibilit\u00e4t<\/h2>\n<p data-start=\"2014\" data-end=\"2295\">Der Containerwagen ist in <strong data-start=\"2036\" data-end=\"2057\">jeder RAL-Farbe<\/strong> erh\u00e4ltlich, die zu Ihrem Firmenprofil oder der \u00c4sthetik Ihres Lagers passt. Dar\u00fcber hinaus kann er <strong data-start=\"2153\" data-end=\"2186\">mit Sonderma\u00dfen<\/strong> versehen werden, wenn eine zus\u00e4tzliche Breite, Tiefe oder H\u00f6he f\u00fcr bestimmte Produkte oder Anwendungen ben\u00f6tigt wird. <\/p>\n<hr data-start=\"2297\" data-end=\"2300\">\n<h2 data-start=\"2302\" data-end=\"2340\">Vorteile f\u00fcr Ihr Unternehmen<\/h2>\n<ul data-start=\"2341\" data-end=\"2693\">\n<li data-start=\"2341\" data-end=\"2432\">\n<p data-start=\"2343\" data-end=\"2432\"><strong data-start=\"2343\" data-end=\"2361\">H\u00f6here Kapazit\u00e4t<\/strong> &#8211; ein h\u00f6heres Verkehrsaufkommen bedeutet weniger Fahrten und eine effiziente Nutzung des Platzes.<\/p>\n<\/li>\n<li data-start=\"2433\" data-end=\"2528\">\n<p data-start=\"2435\" data-end=\"2528\"><strong data-start=\"2435\" data-end=\"2456\">Sichere Handhabung<\/strong> &#8211; die robuste Konstruktion sch\u00fctzt die Waren w\u00e4hrend des Transports und der Lagerung.<\/p>\n<\/li>\n<li data-start=\"2529\" data-end=\"2605\">\n<p data-start=\"2531\" data-end=\"2605\"><strong data-start=\"2531\" data-end=\"2556\">Geeignet f\u00fcr gro\u00dfe Lasten<\/strong> &#8211; optimiert f\u00fcr Waren mit hohem Volumen und hohem Gewicht.<\/p>\n<\/li>\n<li data-start=\"2606\" data-end=\"2693\">\n<p data-start=\"2608\" data-end=\"2693\"><strong data-start=\"2608\" data-end=\"2624\">Lange Lebensdauer<\/strong> &#8211; solide Konstruktion f\u00fcr den Einsatz in rauen Umgebungen mit geringem Wartungsaufwand.<\/p>\n<\/li>\n<\/ul>\n<hr data-start=\"2695\" data-end=\"2698\">\n<h2 data-start=\"2700\" data-end=\"2730\">Anwendungsbereiche<\/h2>\n<ul data-start=\"2731\" data-end=\"3004\">\n<li data-start=\"2731\" data-end=\"2786\">\n<p data-start=\"2733\" data-end=\"2786\">Lagerhaltung und Logistik mit einem Bedarf an gro\u00dfen Mengen an Waren.<\/p>\n<\/li>\n<li data-start=\"2787\" data-end=\"2876\">\n<p data-start=\"2789\" data-end=\"2876\">Vertrieb oder Transport, wo viele Waren bewegt und vor\u00fcbergehend gelagert werden m\u00fcssen.<\/p>\n<\/li>\n<li data-start=\"2877\" data-end=\"2939\">\n<p data-start=\"2879\" data-end=\"2939\">Produktion mit Platz f\u00fcr gro\u00dfe Bauteile und Montagekisten.<\/p>\n<\/li>\n<li data-start=\"2940\" data-end=\"3004\">\n<p data-start=\"2942\" data-end=\"3004\">Werkst\u00e4tten oder Industrien mit hohen Anforderungen an Volumen und Haltbarkeit.<\/p>\n<\/li>\n<\/ul>\n<hr data-start=\"3006\" data-end=\"3009\">\n<p data-start=\"3011\" data-end=\"3313\"><br data-start=\"3044\" data-end=\"3047\">Mit einem <strong data-start=\"3054\" data-end=\"3077\">gro\u00dfen Rollcontainer<\/strong> erhalten Sie eine ger\u00e4umige, robuste und effiziente Aufbewahrungsl\u00f6sung, die gro\u00dfe Mengen m\u00fchelos bew\u00e4ltigt. Das Produkt ist in <strong data-start=\"3194\" data-end=\"3215\">jeder RAL-Farbe<\/strong> erh\u00e4ltlich und kann als <strong data-start=\"3239\" data-end=\"3272\">Sonderanfertigung mit individuellen Abmessungen<\/strong> hergestellt werden. Kontaktieren Sie uns f\u00fcr ein unverbindliches Angebot.  <\/p>\n","protected":false},"excerpt":{"rendered":"<p>Schwerlast-Gro\u00dfraum-Rollbeh\u00e4lter &#8211; entwickelt mit gro\u00dfem Fassungsverm\u00f6gen f\u00fcr Lager oder Logistik mit Anforderungen an Volumen und Haltbarkeit. Erh\u00e4ltlich in optionalen RAL-Farben und Sonderabmessungen. <\/p>\n","protected":false},"featured_media":24334,"template":"","meta":{"_acf_changed":false,"site-sidebar-layout":"default","site-content-layout":"","ast-site-content-layout":"default","site-content-style":"default","site-sidebar-style":"default","ast-global-header-display":"","ast-banner-title-visibility":"","ast-main-header-display":"","ast-hfb-above-header-display":"","ast-hfb-below-header-display":"","ast-hfb-mobile-header-display":"","site-post-title":"","ast-breadcrumbs-content":"","ast-featured-img":"","footer-sml-layout":"","ast-disable-related-posts":"","theme-transparent-header-meta":"default","adv-header-id-meta":"","stick-header-meta":"default","header-above-stick-meta":"","header-main-stick-meta":"","header-below-stick-meta":"","astra-migrate-meta-layouts":"set","ast-page-background-enabled":"default","ast-page-background-meta":{"desktop":{"background-color":"","background-image":"","background-repeat":"repeat","background-position":"center center","background-size":"auto","background-attachment":"scroll","background-type":"","background-media":"","overlay-type":"","overlay-color":"","overlay-opacity":"","overlay-gradient":""},"tablet":{"background-color":"","background-image":"","background-repeat":"repeat","background-position":"center center","background-size":"auto","background-attachment":"scroll","background-type":"","background-media":"","overlay-type":"","overlay-color":"","overlay-opacity":"","overlay-gradient":""},"mobile":{"background-color":"","background-image":"","background-repeat":"repeat","background-position":"center center","background-size":"auto","background-attachment":"scroll","background-type":"","background-media":"","overlay-type":"","overlay-color":"","overlay-opacity":"","overlay-gradient":""}},"ast-content-background-meta":{"desktop":{"background-color":"var(--ast-global-color-5)","background-image":"","background-repeat":"repeat","background-position":"center center","background-size":"auto","background-attachment":"scroll","background-type":"","background-media":"","overlay-type":"","overlay-color":"","overlay-opacity":"","overlay-gradient":""},"tablet":{"background-color":"var(--ast-global-color-5)","background-image":"","background-repeat":"repeat","background-position":"center center","background-size":"auto","background-attachment":"scroll","background-type":"","background-media":"","overlay-type":"","overlay-color":"","overlay-opacity":"","overlay-gradient":""},"mobile":{"background-color":"var(--ast-global-color-5)","background-image":"","background-repeat":"repeat","background-position":"center center","background-size":"auto","background-attachment":"scroll","background-type":"","background-media":"","overlay-type":"","overlay-color":"","overlay-opacity":"","overlay-gradient":""}}},"product_brand":[],"product_cat":[1399,2053,1398],"product_tag":[],"class_list":{"0":"post-24333","1":"product","2":"type-product","3":"status-publish","4":"has-post-thumbnail","6":"product_cat-transportkaefige-und-gitterwagen","7":"product_cat-rollcontainer","8":"product_cat-transport","9":"pa_storrelser-1200x600x1850mm","10":"desktop-align-left","11":"tablet-align-left","12":"mobile-align-left","13":"ast-product-gallery-layout-horizontal","14":"ast-product-gallery-with-no-image","15":"ast-product-tabs-layout-horizontal","17":"first","18":"instock","19":"taxable","20":"shipping-taxable","21":"purchasable","22":"product-type-simple"},"acf":[],"_links":{"self":[{"href":"https:\/\/jas.dk\/de\/wp-json\/wp\/v2\/product\/24333","targetHints":{"allow":["GET"]}}],"collection":[{"href":"https:\/\/jas.dk\/de\/wp-json\/wp\/v2\/product"}],"about":[{"href":"https:\/\/jas.dk\/de\/wp-json\/wp\/v2\/types\/product"}],"version-history":[{"count":0,"href":"https:\/\/jas.dk\/de\/wp-json\/wp\/v2\/product\/24333\/revisions"}],"wp:featuredmedia":[{"embeddable":true,"href":"https:\/\/jas.dk\/de\/wp-json\/wp\/v2\/media\/24334"}],"wp:attachment":[{"href":"https:\/\/jas.dk\/de\/wp-json\/wp\/v2\/media?parent=24333"}],"wp:term":[{"taxonomy":"product_brand","embeddable":true,"href":"https:\/\/jas.dk\/de\/wp-json\/wp\/v2\/product_brand?post=24333"},{"taxonomy":"product_cat","embeddable":true,"href":"https:\/\/jas.dk\/de\/wp-json\/wp\/v2\/product_cat?post=24333"},{"taxonomy":"product_tag","embeddable":true,"href":"https:\/\/jas.dk\/de\/wp-json\/wp\/v2\/product_tag?post=24333"}],"curies":[{"name":"wp","href":"https:\/\/api.w.org\/{rel}","templated":true}]}}