{"id":24862,"date":"2023-11-17T09:19:47","date_gmt":"2023-11-17T09:19:47","guid":{"rendered":"https:\/\/jas.dk\/produkter\/unkategorisiert\/werkbank-montagetisch-duo-let-3070-spezial\/"},"modified":"2026-03-20T11:58:27","modified_gmt":"2026-03-20T10:58:27","slug":"werkbank-montagetisch-duo-let-3070-spezial","status":"publish","type":"product","link":"https:\/\/jas.dk\/de\/produkte\/tische\/werkbank-montagetisch-duo-let-3070-spezial\/","title":{"rendered":"H\u00f6henverstellbarer Tisch &#8211; 1200x600mm &#8211; Duo-Let 3070"},"content":{"rendered":"<h2 data-start=\"971\" data-end=\"1004\">H\u00f6henverstellbarer Tisch &#8211; 1200&#215;600 mm<\/h2>\n<p data-start=\"1005\" data-end=\"1295\">Dieser <strong data-start=\"1011\" data-end=\"1029\">h\u00f6henverstellbare Tisch, <\/strong>der auf unserem Modell <strong>Duo-Let 3070<\/strong> basiert, wurde f\u00fcr kompakte Arbeitsbereiche entwickelt, in denen Ergonomie und Flexibilit\u00e4t wichtig sind. Mit seiner elektrischen H\u00f6henverstellung und der soliden Stahlkonstruktion sorgt der Tisch sowohl f\u00fcr Komfort als auch f\u00fcr Effizienz &#8211; egal, ob Sie mit Montage, Feinmechanik oder Inspektionsaufgaben arbeiten. <\/p>\n<p data-start=\"1297\" data-end=\"1637\">Die <strong data-start=\"1301\" data-end=\"1332\">1200&#215;600 mm gro\u00dfe Arbeitsfl\u00e4che<\/strong> bietet ein optimales Gleichgewicht zwischen Platz und Funktionalit\u00e4t, w\u00e4hrend die <strong data-start=\"1398\" data-end=\"1419\">2 DL6-Hubs\u00e4ulen<\/strong> f\u00fcr eine stabile und reibungslose Bewegung w\u00e4hrend des gesamten Arbeitsprozesses sorgen.<br data-start=\"1480\" data-end=\"1483\">Mit einer <strong data-start=\"1490\" data-end=\"1518\">Tragkraft von 200 kg<\/strong> und einem <strong data-start=\"1525\" data-end=\"1542\">Gewicht von 60 kg<\/strong> ist der Tisch robust genug f\u00fcr industrielle Anforderungen und l\u00e4sst sich dennoch leicht an unterschiedliche Aufgaben anpassen.<\/p>\n<p data-start=\"1639\" data-end=\"1867\">Der Tisch eignet sich perfekt als <strong data-start=\"1667\" data-end=\"1685\">Arbeitsplatz<\/strong>, <strong data-start=\"1687\" data-end=\"1711\">h\u00f6henverstellbarer Tisch<\/strong>, <strong data-start=\"1713\" data-end=\"1728\">Werkbank<\/strong> oder <strong data-start=\"1735\" data-end=\"1754\">ergonomischer Tisch<\/strong> sowohl in der Produktion als auch in der Werkstatt. Auf Wunsch kann er auch mit einem Aufbau, Regalen und Werkzeugtafeln ausgestattet werden. <\/p>\n<h2 data-start=\"1874\" data-end=\"1908\">Funktionen und Merkmale<\/h2>\n<ul data-start=\"1909\" data-end=\"2187\">\n<li data-start=\"1909\" data-end=\"1946\">\n<p data-start=\"1911\" data-end=\"1946\"><strong data-start=\"1911\" data-end=\"1932\">Arbeitsfl\u00e4che:<\/strong> 1200&#215;600 mm<\/p>\n<\/li>\n<li data-start=\"1947\" data-end=\"2006\">\n<p data-start=\"1949\" data-end=\"2006\"><strong data-start=\"1949\" data-end=\"1962\">H\u00f6henmessung:<\/strong> elektrische Verstellung \u00fcber 2 DL6-Hubs\u00e4ulen<\/p>\n<\/li>\n<li data-start=\"2007\" data-end=\"2037\">\n<p data-start=\"2009\" data-end=\"2037\"><strong data-start=\"2009\" data-end=\"2028\">Hebekapazit\u00e4t:<\/strong> 200 kg<\/p>\n<\/li>\n<li data-start=\"2038\" data-end=\"2057\">\n<p data-start=\"2040\" data-end=\"2057\"><strong data-start=\"2040\" data-end=\"2049\">Gewicht:<\/strong> 60kg<\/p>\n<\/li>\n<li data-start=\"2058\" data-end=\"2125\">\n<p data-start=\"2060\" data-end=\"2125\"><strong data-start=\"2060\" data-end=\"2077\">Konstruktion:<\/strong> robuster Stahlrahmen mit pr\u00e4ziser elektrischer Steuerung<\/p>\n<\/li>\n<li data-start=\"2126\" data-end=\"2187\">\n<p data-start=\"2128\" data-end=\"2187\"><strong data-start=\"2128\" data-end=\"2143\">Personalisierung:<\/strong> spezielle Farben und Optionen verf\u00fcgbar<\/p>\n<\/li>\n<\/ul>\n<h2 data-start=\"2194\" data-end=\"2230\">Vorteile f\u00fcr Ihr Unternehmen<\/h2>\n<ul data-start=\"2231\" data-end=\"2492\">\n<li data-start=\"2231\" data-end=\"2285\">\n<p data-start=\"2233\" data-end=\"2285\">Kompaktes Design &#8211; perfekt f\u00fcr kleinere Arbeitsbereiche<\/p>\n<\/li>\n<li data-start=\"2286\" data-end=\"2336\">\n<p data-start=\"2288\" data-end=\"2336\">Ergonomische H\u00f6heneinstellung reduziert die Belastung<\/p>\n<\/li>\n<li data-start=\"2337\" data-end=\"2383\">\n<p data-start=\"2339\" data-end=\"2383\">Solide Konstruktion mit hoher Zuverl\u00e4ssigkeit<\/p>\n<\/li>\n<li data-start=\"2384\" data-end=\"2447\">\n<p data-start=\"2386\" data-end=\"2447\">Ideal f\u00fcr Montage, Inspektion und leichte Produktionsaufgaben<\/p>\n<\/li>\n<li data-start=\"2448\" data-end=\"2492\">\n<p data-start=\"2450\" data-end=\"2492\">Verbessert Effizienz und Arbeitskomfort<\/p>\n<\/li>\n<\/ul>\n<h2 data-start=\"2499\" data-end=\"2527\">Anwendungsbereiche<\/h2>\n<ul data-start=\"2528\" data-end=\"2680\">\n<li data-start=\"2528\" data-end=\"2565\">\n<p data-start=\"2530\" data-end=\"2565\">Montage- und Produktionsabteilungen<\/p>\n<\/li>\n<li data-start=\"2566\" data-end=\"2603\">\n<p data-start=\"2568\" data-end=\"2603\">Elektronik und Laborumgebung<\/p>\n<\/li>\n<li data-start=\"2604\" data-end=\"2637\">\n<p data-start=\"2606\" data-end=\"2637\">Technischer Service und Feinmechanik<\/p>\n<\/li>\n<li data-start=\"2638\" data-end=\"2680\">\n<p data-start=\"2640\" data-end=\"2680\">Ergonomische Arbeitspl\u00e4tze auf kleinem Raum<\/p>\n<\/li>\n<\/ul>\n<p data-start=\"2687\" data-end=\"2987\">Mit dem <strong data-start=\"2708\" data-end=\"2740\">h\u00f6henverstellbaren Tisch &#8211; 1200&#215;600 mm<\/strong> erhalten Sie eine solide, zuverl\u00e4ssige und kompakte <strong data-start=\"2784\" data-end=\"2799\">Werkbank<\/strong>, die <strong data-start=\"2813\" data-end=\"2825\">Ergonomie<\/strong>, <strong data-start=\"2827\" data-end=\"2845\">Funktionalit\u00e4t<\/strong> und <strong data-start=\"2849\" data-end=\"2878\">Qualit\u00e4t nach Industriestandard<\/strong> vereint. Perfekt f\u00fcr Arbeitspl\u00e4tze, an denen der Platz begrenzt ist, aber die Anforderungen an Komfort und Effizienz hoch sind. <\/p>\n","protected":false},"excerpt":{"rendered":"<p>H\u00f6henverstellbarer Tisch &#8211; 1200&#215;600 mm. Kompakte und ergonomische Werkbank mit elektrischer H\u00f6henverstellung. Solide Stahlkonstruktion mit 2 DL6-Hubs\u00e4ulen, 200 kg Tragkraft und 60 kg Gewicht. Ideal als Arbeitsplatz in Montage, Werkstatt und Produktion.   <\/p>\n","protected":false},"featured_media":27453,"template":"","meta":{"_acf_changed":false,"site-sidebar-layout":"default","site-content-layout":"","ast-site-content-layout":"default","site-content-style":"default","site-sidebar-style":"default","ast-global-header-display":"","ast-banner-title-visibility":"","ast-main-header-display":"","ast-hfb-above-header-display":"","ast-hfb-below-header-display":"","ast-hfb-mobile-header-display":"","site-post-title":"","ast-breadcrumbs-content":"","ast-featured-img":"","footer-sml-layout":"","ast-disable-related-posts":"","theme-transparent-header-meta":"default","adv-header-id-meta":"","stick-header-meta":"default","header-above-stick-meta":"","header-main-stick-meta":"","header-below-stick-meta":"","astra-migrate-meta-layouts":"set","ast-page-background-enabled":"default","ast-page-background-meta":{"desktop":{"background-color":"","background-image":"","background-repeat":"repeat","background-position":"center center","background-size":"auto","background-attachment":"scroll","background-type":"","background-media":"","overlay-type":"","overlay-color":"","overlay-opacity":"","overlay-gradient":""},"tablet":{"background-color":"","background-image":"","background-repeat":"repeat","background-position":"center center","background-size":"auto","background-attachment":"scroll","background-type":"","background-media":"","overlay-type":"","overlay-color":"","overlay-opacity":"","overlay-gradient":""},"mobile":{"background-color":"","background-image":"","background-repeat":"repeat","background-position":"center center","background-size":"auto","background-attachment":"scroll","background-type":"","background-media":"","overlay-type":"","overlay-color":"","overlay-opacity":"","overlay-gradient":""}},"ast-content-background-meta":{"desktop":{"background-color":"var(--ast-global-color-5)","background-image":"","background-repeat":"repeat","background-position":"center center","background-size":"auto","background-attachment":"scroll","background-type":"","background-media":"","overlay-type":"","overlay-color":"","overlay-opacity":"","overlay-gradient":""},"tablet":{"background-color":"var(--ast-global-color-5)","background-image":"","background-repeat":"repeat","background-position":"center center","background-size":"auto","background-attachment":"scroll","background-type":"","background-media":"","overlay-type":"","overlay-color":"","overlay-opacity":"","overlay-gradient":""},"mobile":{"background-color":"var(--ast-global-color-5)","background-image":"","background-repeat":"repeat","background-position":"center center","background-size":"auto","background-attachment":"scroll","background-type":"","background-media":"","overlay-type":"","overlay-color":"","overlay-opacity":"","overlay-gradient":""}}},"product_brand":[],"product_cat":[1383,2844,2495,1374],"product_tag":[],"class_list":{"0":"post-24862","1":"product","2":"type-product","3":"status-publish","4":"has-post-thumbnail","6":"product_cat-tische","7":"product_cat-esd-produkte","8":"product_cat-hoehenverstellbare-tische","9":"product_cat-produktion-montage","10":"pa_storrelser-1200x600mm","11":"desktop-align-left","12":"tablet-align-left","13":"mobile-align-left","14":"ast-product-gallery-layout-horizontal","15":"ast-product-tabs-layout-horizontal","17":"first","18":"onbackorder","19":"taxable","20":"shipping-taxable","21":"purchasable","22":"product-type-simple"},"acf":[],"_links":{"self":[{"href":"https:\/\/jas.dk\/de\/wp-json\/wp\/v2\/product\/24862","targetHints":{"allow":["GET"]}}],"collection":[{"href":"https:\/\/jas.dk\/de\/wp-json\/wp\/v2\/product"}],"about":[{"href":"https:\/\/jas.dk\/de\/wp-json\/wp\/v2\/types\/product"}],"version-history":[{"count":4,"href":"https:\/\/jas.dk\/de\/wp-json\/wp\/v2\/product\/24862\/revisions"}],"predecessor-version":[{"id":38419,"href":"https:\/\/jas.dk\/de\/wp-json\/wp\/v2\/product\/24862\/revisions\/38419"}],"wp:featuredmedia":[{"embeddable":true,"href":"https:\/\/jas.dk\/de\/wp-json\/wp\/v2\/media\/27453"}],"wp:attachment":[{"href":"https:\/\/jas.dk\/de\/wp-json\/wp\/v2\/media?parent=24862"}],"wp:term":[{"taxonomy":"product_brand","embeddable":true,"href":"https:\/\/jas.dk\/de\/wp-json\/wp\/v2\/product_brand?post=24862"},{"taxonomy":"product_cat","embeddable":true,"href":"https:\/\/jas.dk\/de\/wp-json\/wp\/v2\/product_cat?post=24862"},{"taxonomy":"product_tag","embeddable":true,"href":"https:\/\/jas.dk\/de\/wp-json\/wp\/v2\/product_tag?post=24862"}],"curies":[{"name":"wp","href":"https:\/\/api.w.org\/{rel}","templated":true}]}}